{"id":1009,"date":"2009-03-23T14:23:57","date_gmt":"2009-03-23T11:23:57","guid":{"rendered":"http:\/\/www.kayiprihtim.org\/portal\/?page_id=1009"},"modified":"2012-01-26T14:40:41","modified_gmt":"2012-01-26T12:40:41","slug":"margaret-weis-ile-roportaj","status":"publish","type":"page","link":"https:\/\/www.kayiprihtim.org\/portal\/roportajlar\/margaret-weis-ile-roportaj\/","title":{"rendered":"Margaret Weis ile R\u00f6portaj!"},"content":{"rendered":"<p><img decoding=\"async\" class=\"aligncenter\" src=\"https:\/\/www.kayiprihtim.org\/portal\/gorsel\/margaret-weis\/margaret2.jpg\" alt=\"Margaret Weis\" \/><br \/>\n<span style=\"color: #800000;\"><strong><br \/>\nD\u00fcnyaca \u00fcnl\u00fc Ejderha M\u0131zra\u011f\u0131 serisinin en \u00f6nemli yazalar\u0131ndan Margaret Weis ile yapt\u0131\u011f\u0131m\u0131z r\u00f6portaj i\u00e7in \u00f6ncelikle kendisine te\u015fekk\u00fcr ediyoruz. \u0130\u015fte sorular;<\/strong><\/span><\/p>\n<ul>\n<li><strong>\u0130lk Ejderha M\u0131zra\u011f\u0131 kitab\u0131 yay\u0131nland\u0131\u011f\u0131nda i\u015flerin bu noktaya kadar gelebilece\u011fini tahmin edebilmi\u015f miydiniz?<\/strong><\/li>\n<\/ul>\n<p>Hay\u0131r, kitab\u0131n bu kadar hit olabilece\u011fi hakk\u0131nda bir fikrimiz yoktu. Sadece yeniydik ve sevdi\u011fimiz bir \u00f6yk\u00fcm\u00fcz vard\u0131.<\/p>\n<ul>\n<li><strong>Karanl\u0131k Havari\u2019den sonra krolonojik olarak Ejderha M\u0131zra\u011f\u0131 i\u00e7in yazaca\u011f\u0131n\u0131z ba\u015fka seriler olacak m\u0131? Olmayacaksa neden?<\/strong><\/li>\n<\/ul>\n<p>A\u011fustos 2009&#8217;da \u00e7\u0131kacak olan Dragons of Hourglass Mage (Kumsaati B\u00fcy\u00fcc\u00fc Ejderhalar\u0131)&#8217;den sonra WoTC, iki y\u0131l boyunca hi\u00e7 bir Ejderha M\u0131zra\u011f\u0131 kitab\u0131 basmayacak. Ondan sonra ne olur, inan\u0131n ben de bilmiyorum.<\/p>\n<ul>\n<li><strong>Daha \u00f6nce G\u00fcz Alacakaranl\u0131\u011f\u0131n\u0131n Ejderhalar\u0131 kitab\u0131n\u0131n animasyon filmi \u00e7ekilmi\u015fti. Beklenen tatmini yaratamad\u0131\u011f\u0131n\u0131 d\u00fc\u015f\u00fcn\u00fcl\u00fcyor. Sizin g\u00f6r\u00fc\u015fleriniz neler? \u0130leride benzer bir \u00e7al\u0131\u015fma yahut bir sinema filmi yap\u0131lacak m\u0131?<\/strong><\/li>\n<\/ul>\n<p>Asl\u0131nda film \u00e7ok iyi oldu, Paramount\u2019un beklentilerini a\u015ft\u0131. \u0130kinci bir film yap\u0131l\u0131p yap\u0131lmayaca\u011f\u0131na dair herhangi bir durum en az\u0131ndan \u015fu an i\u00e7in belli de\u011fil.<br \/>\n<strong><br \/>\n<\/strong><\/p>\n<ul>\n<li><strong>K\u0131z\u0131n\u0131z ile birlikte yazd\u0131\u011f\u0131n\u0131z ve ge\u00e7ti\u011fimiz Ocak ay\u0131nda \u00e7\u0131kan FallenAngel hakk\u0131nda neler s\u00f6yleyeceksiniz? K\u0131z\u0131n\u0131z ile beraber kitap yazmak nas\u0131l bir his?<\/strong><\/li>\n<\/ul>\n<p>K\u0131z\u0131m ve ben o kitap \u00fczerinde \u00e7al\u0131\u015f\u0131rken \u00e7ok e\u011flendik! Bir Japon restoran\u0131na gittik, i\u00e7ece\u011fimizle birlikte kurguyu ka\u011f\u0131da d\u00f6kt\u00fck! : )<\/p>\n<ul>\n<li><strong>Hangi yazar\u0131n Ejderha M\u0131zra\u011f\u0131 yazarlar\u0131 aras\u0131nda yer almas\u0131n\u0131 isterdiniz?<\/strong><\/li>\n<\/ul>\n<p>\u00c7ok fazla, se\u00e7mek ger\u00e7ekten zor!<\/p>\n<p><img fetchpriority=\"high\" decoding=\"async\" src=\"https:\/\/www.kayiprihtim.org\/portal\/gorsel\/margaret-weis\/margaret.jpg\" alt=\"Margaret Weis ve Tracy Hickman\" width=\"495\" height=\"251\" \/><br \/>\n<span style=\"color: #e4ddcb;\">&#8211;<\/span><\/p>\n<ul>\n<li><strong>DL Campaign Settinge neden kendiniz el atmay\u0131p Don Perrin&#8217;e b\u0131rakt\u0131n\u0131z?<\/strong><\/li>\n<\/ul>\n<p>Campaign Setting \u00fczerine \u00e7al\u0131\u015ft\u0131m ve D&amp;D oyun kurallar\u0131 hakk\u0131nda pek fazla \u015fey bilmiyorum. Bu bak\u0131mdan o i\u015f Perrin\u2019e kald\u0131.<\/p>\n<ul>\n<li><strong>Ejderha M\u0131zra\u011f\u0131\u2019nda Weis &amp; Hickman elinden \u00e7\u0131kmayan kitaplara kar\u015f\u0131 b\u00fcy\u00fck bir \u00f6n yarg\u0131 var. Bunu neye ba\u011fl\u0131yorsunuz?<\/strong><\/li>\n<\/ul>\n<p>Hay\u0131r, di\u011fer yazarlar taraf\u0131ndan yaz\u0131lm\u0131\u015f bir\u00e7ok pop\u00fcler Ejderha M\u0131zra\u011f\u0131 kitab\u0131 biliyorum. \u00d6rne\u011fin, Richard Knaack\u2019\u0131n geni\u015f bir kitlesi var, Doug Niles, Chris Pierson ve Jean Rabe gibi.<\/p>\n<ul>\n<li><strong>Seriyi ba\u015flatan biri olarak, serinin art\u0131k biraz fazla uzad\u0131\u011f\u0131n\u0131 d\u00fc\u015f\u00fcnm\u00fcyor musunuz?<\/strong><\/li>\n<\/ul>\n<p>Hay\u0131r, bu d\u00fcnyada di\u011fer yazarlarla \u00e7al\u0131\u015fmay\u0131 olduk\u00e7a e\u011flenceli buluyorum.<\/p>\n<ul>\n<li><strong>Ejderha M\u0131zra\u011f\u0131 d\u0131\u015f\u0131nda bir karakter hakk\u0131nda roman yazma f\u0131rsat\u0131n\u0131z olsa hangi seriden hangi karakteri tercih ederdiniz?<\/strong><\/li>\n<\/ul>\n<p>Oh, Raistlin hakk\u0131nda yazmay\u0131 hep sevmi\u015fimdir!<\/p>\n<ul>\n<li><strong>Krolonojik s\u0131raya g\u00f6re son olarak okudu\u011fumuz Karanl\u0131k Havari serisini tek ba\u015f\u0131n\u0131za yazd\u0131n\u0131z. Burada \u00f6zellikle yazmaktan \u00e7ekindi\u011finiz karakterler oldu mu? \u00d6rne\u011fin Palin Majere&#8217;yi birebir diyalogda hi\u00e7 g\u00f6rmedik. Bunun nedeni Hickman&#8217;\u0131n yaratt\u0131\u011f\u0131 bir karakter olmas\u0131 m\u0131yd\u0131?<\/strong><\/li>\n<\/ul>\n<p>Hay\u0131r, o an akl\u0131ma gelen ve istedi\u011fim t\u00fcm kurguyu ka\u011f\u0131da d\u00f6kt\u00fcm. Asl\u0131nda Tracy\u2019de o seride \u00f6nerilerde bulundu.<\/p>\n<p><img decoding=\"async\" src=\"https:\/\/www.kayiprihtim.org\/portal\/gorsel\/margaret-weis\/margaret1.jpg\" alt=\"Margaret Weis\" \/><br \/>\n<span style=\"color: #e4ddcb;\">&#8211;<\/span><\/p>\n<ul>\n<li><strong>Neden &#8220;Huma Destan\u0131&#8221;n\u0131 siz yazmad\u0131n\u0131z? Sonu\u00e7ta, Huma ve Magius \u00e7ok z\u0131t kutuplar olmas\u0131na ra\u011fmen doslutklar\u0131yla birbirine ba\u011fl\u0131 iki efsane. Kitab\u0131 okurken sat\u0131r aralar\u0131nda \u00e7ok g\u00fczel bilgiler al\u0131d\u0131k fakat bu derece tarihe ge\u00e7mi\u015f iki kahraman\u0131n hikayesini yazmay\u0131 d\u00fc\u015f\u00fcnmez miydiniz?<\/strong><\/li>\n<\/ul>\n<p>Bence Rick Knaack o kitapta \u00e7ok iyi bir i\u015f \u00e7\u0131kard\u0131. \u015eu anda Bantam i\u00e7in Karak\u0131l\u0131\u00e7 serisinde bulunan kitaplar \u00fczerine \u00e7al\u0131\u015f\u0131yoruz.<\/p>\n<ul>\n<li><strong>\u00d6nce Ruhlar Sava\u015f\u0131&#8217;nda tand\u0131\u011f\u0131m\u0131z ve ard\u0131ndan Karanl\u0131k Havari serisinde de g\u00f6rd\u00fc\u011f\u00fcm\u00fcz Mina hakk\u0131nda tek bir c\u00fcmle ile ne diyebilirsiniz? <\/strong><\/li>\n<\/ul>\n<p>Mina bir nevi \u201cJoan of Arc\u201d.<\/p>\n<ul>\n<li><strong>Solamniyal\u0131lar&#8217;\u0131 nas\u0131l yaratt\u0131n\u0131z? Bu derece \u015ferefine d\u00fc\u015fk\u00fcn bir topluluk ve koruma i\u00e7g\u00fcd\u00fcs\u00fcne sahip insanlar\u0131 yarat\u0131rken birilerinden ya da baz\u0131 olaylardan etkilendiniz mi? <\/strong><\/li>\n<\/ul>\n<p>Solamniyal\u0131lar&#8217;\u0131 Tracy ve tak\u0131m\u0131 yaratt\u0131. A\u011f\u0131rba\u015fl\u0131, kusursuz \u015f\u00f6valyeler!<\/p>\n<ul>\n<li><strong>Solamniyal\u0131lar&#8217;dan s\u00f6z a\u00e7\u0131lm\u0131\u015fken, Sturm erken \u00f6lmedi mi?<\/strong><\/li>\n<\/ul>\n<p>Eh, sava\u015f k\u00f6t\u00fcd\u00fcr!<\/p>\n<ul>\n<li><strong>Raistlin ger\u00e7ekten Crysania&#8217;ya a\u015f\u0131k oldu mu? Yoksa onunki bir kad\u0131na kar\u015f\u0131 duyulan basit bir \u00e7ekimden \u00f6teye gidemedi mi? \u00c7ocu\u011fum diye bahsetti\u011finiz Raistlin i\u00e7in, Crysania&#8217;y\u0131 lay\u0131k g\u00f6r\u00fcr m\u00fcyd\u00fcn\u00fcz?<\/strong><\/li>\n<\/ul>\n<p>Hay\u0131r, o zamanlar ikisi de a\u015fk ba\u015flang\u0131c\u0131 i\u00e7in hevesliydi. Sadece sonunda, \u00e7ok ge\u00e7 oldu\u011funda, ancak ne kaybettiklerini anlad\u0131lar.<\/p>\n<p><img decoding=\"async\" class=\"alignnone\" src=\"https:\/\/www.kayiprihtim.org\/portal\/gorsel\/margaret-weis\/margaret3.jpg\" alt=\"Margaret Weis\" \/><br \/>\n<span style=\"color: #e4ddcb;\">&#8211;<\/span><\/p>\n<ul>\n<li><strong>Kitaplar\u0131n\u0131zda ger\u00e7ek hayata g\u00f6ndermelerde bulundunuz mu? <\/strong><\/li>\n<\/ul>\n<p>Karakterleri ger\u00e7ek insanlar gibi yazmay\u0131, fantastik bir d\u00fcnyada ger\u00e7ek hayat hallerini olu\u015fturmaya \u00e7al\u0131\u015ft\u0131m.<\/p>\n<ul>\n<li><strong>Geleneksel fantastik \u00f6\u011felerin(c\u00fcce,ork,troll gibi) s\u0131k kullan\u0131m\u0131na nas\u0131l bak\u0131yorsunuz? Sizce bu yelpazeyi daha fazla geli\u015ftirmek gerekli midir?<\/strong><\/li>\n<\/ul>\n<p>Evet, elbette. \u015eimdiki serimiz Vikingler \u00fczerine!<\/p>\n<ul>\n<li><strong>Dilimize \u00e7evrilmemi\u015f bir \u00e7ok kitab\u0131n\u0131z bulunmakta. \u00d6zellikle \u00e7evrilmesini ve bizlerin okumas\u0131n\u0131 istedi\u011finiz seri yahut kitap var m\u0131?<\/strong><\/li>\n<\/ul>\n<p>Yeni gelen serimiz Dragonships olabilir. Umuyorum ki Kay\u0131p Tarhi\u00e7eler tamamen \u00e7evrilecektir.<\/p>\n<ul>\n<li><strong>Son olarak T\u00fcrkiye hakk\u0131ndaki d\u00fc\u015f\u00fcnceleriniz neler? \u00dclkemizde d\u00fczenlenecek herhangibir etkinli\u011fe kat\u0131lmay\u0131 d\u00fc\u015f\u00fcn\u00fcr m\u00fcs\u00fcn\u00fcz?<\/strong><\/li>\n<\/ul>\n<p>T\u00fcrkiye\u2019yi bir g\u00fcn ziyaret etmeyi isterim kesinlikle. \u00dclkeniz ve insanlar\u0131n\u0131z hakk\u0131nda ola\u011fan\u00fcst\u00fc \u015feyler duyuyorum!<\/p>\n<p><span style=\"color: #800000;\"><strong>Bize vakit ay\u0131rd\u0131\u011f\u0131n\u0131z i\u00e7in \u00e7ok te\u015fekk\u00fcrler. Umuyoruz ki nice fantazya kitaplar\u0131nda sizlerin imzas\u0131n\u0131 g\u00f6recek, engin hayal g\u00fcc\u00fcn\u00fczle \u015fa\u015f\u0131rmaya ve okumaya devam edece\u011fiz!<\/strong><\/span><\/p>\n","protected":false},"excerpt":{"rendered":"<p>D\u00fcnyaca \u00fcnl\u00fc Ejderha M\u0131zra\u011f\u0131 serisinin en \u00f6nemli yazalar\u0131ndan Margaret Weis ile yapt\u0131\u011f\u0131m\u0131z r\u00f6portaj i\u00e7in \u00f6ncelikle kendisine te\u015fekk\u00fcr ediyoruz. \u0130\u015fte sorular; \u0130lk Ejderha M\u0131zra\u011f\u0131 kitab\u0131 yay\u0131nland\u0131\u011f\u0131nda i\u015flerin bu noktaya kadar gelebilece\u011fini tahmin edebilmi\u015f miydiniz? Hay\u0131r, kitab\u0131n bu kadar hit olabilece\u011fi hakk\u0131nda bir fikrimiz yoktu. Sadece yeniydik ve sevdi\u011fimiz bir \u00f6yk\u00fcm\u00fcz vard\u0131. Karanl\u0131k Havari\u2019den sonra krolonojik olarak [&hellip;]<\/p>\n","protected":false},"author":1,"featured_media":0,"parent":1029,"menu_order":0,"comment_status":"open","ping_status":"closed","template":"","meta":{"_acf_changed":false,"footnotes":""},"class_list":["post-1009","page","type-page","status-publish"],"acf":[],"_links":{"self":[{"href":"https:\/\/www.kayiprihtim.org\/portal\/wp-json\/wp\/v2\/pages\/1009","targetHints":{"allow":["GET"]}}],"collection":[{"href":"https:\/\/www.kayiprihtim.org\/portal\/wp-json\/wp\/v2\/pages"}],"about":[{"href":"https:\/\/www.kayiprihtim.org\/portal\/wp-json\/wp\/v2\/types\/page"}],"author":[{"embeddable":true,"href":"https:\/\/www.kayiprihtim.org\/portal\/wp-json\/wp\/v2\/users\/1"}],"replies":[{"embeddable":true,"href":"https:\/\/www.kayiprihtim.org\/portal\/wp-json\/wp\/v2\/comments?post=1009"}],"version-history":[{"count":0,"href":"https:\/\/www.kayiprihtim.org\/portal\/wp-json\/wp\/v2\/pages\/1009\/revisions"}],"up":[{"embeddable":true,"href":"https:\/\/www.kayiprihtim.org\/portal\/wp-json\/wp\/v2\/pages\/1029"}],"wp:attachment":[{"href":"https:\/\/www.kayiprihtim.org\/portal\/wp-json\/wp\/v2\/media?parent=1009"}],"curies":[{"name":"wp","href":"https:\/\/api.w.org\/{rel}","templated":true}]}}