{"id":9035,"date":"2011-04-26T19:00:47","date_gmt":"2011-04-26T16:00:47","guid":{"rendered":"http:\/\/www.kayiprihtim.org\/portal\/"},"modified":"2022-07-31T23:11:11","modified_gmt":"2022-07-31T20:11:11","slug":"korkut-aldemir-ile-roportaj","status":"publish","type":"page","link":"https:\/\/www.kayiprihtim.org\/portal\/roportajlar\/korkut-aldemir-ile-roportaj\/","title":{"rendered":"Korkut Aldemir ile R\u00f6portaj"},"content":{"rendered":"<p style=\"text-align: center;\">\n<ul style=\"text-align: justify;\">\n<li style=\"text-align: justify;\"><strong>Merhaba! Korkut Aldemir&#8230; Bir tablo olarak farz edersek, tablodaki renkler &#8220;uzman di\u015f doktoru&#8221; ve &#8220;Ankara&#8217;da So\u011fuk Gece&#8217;nin yazar\u0131&#8221; oluyor. Peki tablo tam olarak nas\u0131l?<\/strong><\/li>\n<\/ul>\n<p style=\"text-align: right;\">[stextbox id=&#8221;info&#8221; float=&#8221;true&#8221; align=&#8221;right&#8221;]<img decoding=\"async\" class=\"alignright\" src=\"https:\/\/www.kayiprihtim.org\/portal\/images\/alperkaya.png\" alt=\"\" width=\"60\" height=\"80\"><span style=\"color: #ff0000;\"><span style=\"font-size: 11pt; line-height: 1.2em;\"><strong>R\u00d6PORTAJ<\/strong><\/span><strong> <\/strong><\/span><\/p>\n<p style=\"text-align: right;\"><strong>Alper Kaya<br \/>\n<span style=\"font-size: x-small;\">[Ar\u015fivi]<\/span><\/strong><\/p>\n<p style=\"text-indent: 0.4cm; text-align: justify;\">Tabloyu tamamlamak i\u00e7in san\u0131r\u0131m \u015fu veriler yeterli olacakt\u0131r. 1978, Eski\u015fehir do\u011fumluyum. Evliyim ve bir k\u0131z babas\u0131y\u0131m. Di\u015f Hekimli\u011fi e\u011fitimimden sonra A\u011f\u0131z, Di\u015f, \u00c7ene Hastal\u0131klar\u0131 ve Cerrahisi uzman\u0131 oldum. Eski profesyonel y\u00fcz\u00fcc\u00fclerdenim. Yar\u0131 Profesyonel da\u011fc\u0131l\u0131k ve do\u011fa sporlar\u0131 rehberli\u011fiyle beraber k\u0131sa-uzun hik\u00e2ye ve roman yazarl\u0131\u011f\u0131 da yapt\u0131m. 11 y\u0131l\u0131n \u00fcst\u00fcndeki amat\u00f6r yaz\u0131 tecr\u00fcbelerimden sonra Ankara\u2019da So\u011fuk Gece\u2019yi ve devam\u0131 niteli\u011findeki ikinci Kitab\u0131m olan Ankara\u2019da Puslu Sabah\u2019\u0131 tamamlad\u0131m.<\/p>\n<ul style=\"text-align: justify;\">\n<li><strong>Ankara&#8217;da geceler, kitaptaki kadar olmasa da, so\u011fuk ge\u00e7iyor cidden. Peki neden Ankara; modern zamanlarda ba\u015frol \u0130stanbul&#8217;ken en g\u00fczel taraf\u0131n\u0131n \u0130stanbul&#8217;a d\u00f6nmesi olan \u015fehir neden \u00f6zne?<\/strong><\/li>\n<\/ul>\n<p style=\"text-indent: 0.4cm; text-align: justify;\">\u00d6ncelikle \u015fu tespitte bulunmak isterim. \u015eehirlerin ruhlar\u0131 vard\u0131r. \u0130\u00e7erisinde ya\u015fayan, \u00e7al\u0131\u015fan, nefes alan insanlar\u0131n hayata bak\u0131\u015flar\u0131ndan, pe\u015finde olduklar\u0131 ama\u00e7lardan, k\u00fclt\u00fcrlerinden; co\u011frafyalar\u0131 ve iklimlerinden ortaya devasa bir mozaik olarak ruhlar ortaya \u00e7\u0131kar. Baz\u0131 \u015fehirler \u015f\u0131mar\u0131kt\u0131r, kaprislidir. Kimi \u015fehirler ise yoz ve tats\u0131zd\u0131r. Kimileri ise h\u0131zl\u0131 deveran eden, durdurulmas\u0131 imk\u00e2ns\u0131z, durmas\u0131 m\u00fcmk\u00fcn olmayan ya\u015famlardan renklenir. Baz\u0131 \u015fehirlerde hayat gece \u00e7\u00f6kt\u00fc\u011f\u00fcnde durur. Kabu\u011funa \u00e7ekilir.<\/p>\n<p style=\"text-indent: 0.4cm; text-align: justify;\">Ayn\u0131 i\u00e7inde bar\u0131nd\u0131rd\u0131\u011f\u0131 insanlar gibi.<\/p>\n<p style=\"text-indent: 0.4cm; text-align: justify;\">Fonda \u0130stanbul olan bir kitap yazd\u0131\u011f\u0131mda belki o \u015fehri de betimlerim. Lakin Ankara\u2019y\u0131 her y\u00f6n\u00fcyle k\u0131sac\u0131k, k\u00fc\u00e7\u00fcc\u00fck bir \u00f6zetle ilk kitap i\u00e7erisinde yorumlam\u0131\u015ft\u0131m. \u00d6zneden ziyade arka plan\u0131 olu\u015fturan Ankara\u2019n\u0131n i\u015flenmesi ise s\u0131radanl\u0131klara olan kat\u0131 kar\u015f\u0131tl\u0131\u011f\u0131md\u0131r. Zaten herkes \u0130stanbul\u2019u mesken edinmi\u015fken, sahne \u0131\u015f\u0131klar\u0131 \u00fcst\u00fcndeyken ayn\u0131 tema \u00fcst\u00fcnde bir kez daha \u00e7al\u0131\u015fan olmak istemememdendir. Ayr\u0131ca Ankara\u2019da ya\u015f\u0131yorum. Benim ruhum onun i\u00e7erisinde. Onun ki ise iyi-k\u00f6t\u00fc y\u00f6nleriyle benim i\u00e7imde. Hal b\u00f6yleyken karakterlerimin bu caddelerde ad\u0131m atmamas\u0131, Tunal\u0131 Hilmi\u2019den ge\u00e7memesi, Eryaman\u2019daki m\u00fctevaz\u0131 villalarda saklanmamas\u0131 ya da Sanayi Sitelerindeki gri bar\u0131naklarda toplanmamalar\u0131 pek m\u00fcmk\u00fcn de\u011fildi.<\/p>\n<p style=\"text-indent: 0.4cm; text-align: justify;\">Ayr\u0131ca anlatt\u0131\u011f\u0131m hikayeleri okuyan birisinin kurguya dahil olmu\u015fken karakterle beraber G\u00fcvenpark\u2019ta y\u00fcr\u00fcmesini, Metrolarda ko\u015fturmas\u0131n\u0131, TRT Radyosunun \u00f6n\u00fcnden arabayla ge\u00e7mesini s\u0131cak ve \u00e7ekici buluyorum.<\/p>\n<ul style=\"text-align: justify;\">\n<li><strong>Ankara&#8217;n\u0131n havas\u0131n\u0131 solumaya devam edecek miyiz? Var m\u0131 b\u00f6yle bir plan\u0131n\u0131z yoksa bir anl\u0131k hevesti, ya\u015fand\u0131 bitti mi diyelim?<\/strong><\/li>\n<\/ul>\n<p style=\"text-indent: 0.4cm; text-align: justify;\">\u0130kinci roman\u0131m\u0131n ad\u0131: \u201cAnkara\u2019da Puslu Sabah\u201d San\u0131yorum bu sorunuza en yeterli cevap olacakt\u0131r. Ankara\u2019da olmak bir heves de\u011fil sadece bir tercihtir. Her daim g\u00f6zbebe\u011fi olan mek\u00e2nlardan \u00e7\u0131k\u0131p biraz da bilinmezleri g\u00f6rmek, ya\u015famak, tad\u0131na varmak gerekti\u011fini d\u00fc\u015f\u00fcn\u00fcyorum. Romanlar\u0131mda damak tad\u0131ma uygun yo\u011funlukta lezzet yaratan her \u015fehri g\u00f6receksiniz.<\/p>\n<ul style=\"text-align: justify;\">\n<li><strong>RPG nedir sizce?<\/strong><\/li>\n<\/ul>\n<p style=\"text-indent: 0.4cm; text-align: justify;\">Rol yapma oyunlar\u0131, hayat\u0131n pusu, karanl\u0131\u011f\u0131, g\u00fc\u00e7l\u00fc\u011f\u00fc i\u00e7erisinde kendini bamba\u015fka bir pencereden \u00f6n bah\u00e7eye at\u0131p, yapmak istediklerini yapt\u0131\u011f\u0131n, ya\u015fayamayacaklar\u0131n\u0131 ya\u015fad\u0131\u011f\u0131n, bir dinlenme d\u00fcnyas\u0131d\u0131r. Derin, g\u00fc\u00e7l\u00fc, hayallerle dolu, ferahlat\u0131c\u0131 bir nefes alman\u0131n yoludur. Psikodrama ve Tiyatro e\u011fitimlerinde de kullan\u0131lan bu do\u011fa\u00e7lama-canland\u0131rma oyunu bir ejderhayla sava\u015fabilece\u011finiz, kanatlar\u0131n\u0131z\u0131 a\u00e7\u0131p g\u00f6klere y\u00fckselebilece\u011finiz, masal d\u00fcnyas\u0131nda y\u00fcr\u00fcyebilece\u011finiz yegane f\u0131rsatt\u0131r.<\/p>\n<ul style=\"text-align: justify;\">\n<li><strong>\u00c7ok s\u0131k RPG oynad\u0131\u011f\u0131n\u0131z\u0131 farz ederek, en ilgin\u00e7 oyun an\u0131n\u0131z nedir? \u015eimdiye kadar oynad\u0131\u011f\u0131n\u0131z en unutulmaz oyununuz?<\/strong><\/li>\n<\/ul>\n<p style=\"text-indent: 0.4cm; text-align: justify;\">Son y\u0131llarda i\u015flerimin yo\u011funlu\u011fu, de\u011fi\u015fen imk\u00e2nlar nedeniyle oyunlara \u00e7ok da fazla vakit ay\u0131ram\u0131yorum. Y\u00f6neticisi oldu\u011fum bir oyunda, karakterlerden birisinin galeyana gelip dost d\u00fc\u015fman demeden herkesi \u00f6ld\u00fcrmesi olduk\u00e7a ilgin\u00e7 bir an\u0131yd\u0131. Ya da yine y\u00f6netti\u011fim bir oyunda yarat\u0131\u011f\u0131 canland\u0131r\u0131rken oyuncu arkada\u015flardan birinin beni ittirip: \u201cYahu! Biraz \u00f6teden konu\u015f. Korkuyorum!\u201d demesi y\u00fcz\u00fcme tebess\u00fcm yayan an\u0131lard\u0131r.<\/p>\n<ul style=\"text-align: justify;\">\n<li><strong>Her ne kadar yay\u0131n evlerine g\u00f6re &#8220;satmayan&#8221; t\u00fcr olsa da sizin gibi ilk roman\u0131n\u0131 \u00e7\u0131karanlar son y\u0131llarda \u00e7ok artt\u0131. Bu art\u0131\u015f\u0131 neye ba\u011fl\u0131yorsunuz? Siz, kitap \u00e7\u0131kar\u0131rken hangi zorluklarla kar\u015f\u0131la\u015ft\u0131n\u0131z?<\/strong><\/li>\n<\/ul>\n<figure style=\"width: 211px\" class=\"wp-caption alignright\"><a href=\"https:\/\/www.kayiprihtim.org\/portal\/gorsel\/ankarada-soguk-gece.jpg\"><img fetchpriority=\"high\" decoding=\"async\" src=\"https:\/\/www.kayiprihtim.org\/portal\/gorsel\/ankarada-soguk-gece.jpg\" alt=\"\" width=\"211\" height=\"305\"><\/a><figcaption class=\"wp-caption-text\">Ankara&#39;da So\u011fuk Gece Kitap Kapa\u011f\u0131<\/figcaption><\/figure>\n<p style=\"text-indent: 0.4cm; text-align: justify;\">San\u0131r\u0131m bu art\u0131\u015f\u0131n en \u00f6nemli sebebi internet payla\u015f\u0131mlar\u0131n\u0131n artmas\u0131d\u0131r. Gen\u00e7 yazar adaylar\u0131 kendilerini rahatl\u0131kla ifade edebiliyor, tek ba\u015flar\u0131na kapal\u0131 odalar\u0131nda faydadan uzak, a\u011f\u0131r \u00f6zele\u015ftirilerinden uzakla\u015f\u0131yorlar. Her yerden konuyla ilgilenen okurlar\u0131n \u00f6n\u00fcne yarat\u0131mlar\u0131n\u0131 sunup, \u00e7ok daha tarafs\u0131z ele\u015ftirilerle yazarl\u0131klar\u0131n\u0131 de\u011ferlendiriyorlar. Ve belki de b\u00f6ylelikle \u00e7ok daha cesurca yay\u0131nc\u0131lar\u0131n kar\u015f\u0131s\u0131na \u00e7\u0131k\u0131yorlar.<\/p>\n<p style=\"text-indent: 0.4cm; text-align: justify;\">Ben roman tamamlanana dek genellikle kendimle ilgili pek \u00e7ok sorun ya\u015fad\u0131m. Bir\u00e7ok zaman g\u00fc\u00e7s\u00fcz kald\u0131m. T\u0131kand\u0131m. D\u00fc\u015f\u00fcnsem de yazamad\u0131m. Yazsam da be\u011fenemedim. Belki her yazar aday\u0131n\u0131n d\u00fc\u015ft\u00fc\u011f\u00fc o k\u0131s\u0131rd\u00f6ng\u00fcye saplan\u0131p kald\u0131m. Kendimle sava\u015f\u0131mdan hemen her seferinde Hilal\u2019in uzatt\u0131\u011f\u0131 koltuk de\u011fnekleriyle sa\u011f salim \u00e7\u0131kt\u0131m. Roman tamamland\u0131ktan sonra ise yay\u0131nc\u0131m ile tan\u0131\u015ft\u0131m. \u0130\u015finde profesyonel, d\u00fcr\u00fcst ve sa\u011flam ad\u0131mlar atan bir uzman ile \u00e7al\u0131\u015fman\u0131n rahatl\u0131\u011f\u0131yla yol ald\u0131k. Lakin bask\u0131 a\u015famas\u0131nda konu hakk\u0131nda ne denli yetersiz, tecr\u00fcbesiz oldu\u011fumu g\u00f6rd\u00fcm. \u0130lk roman\u0131n bas\u0131m\u0131 tamamland\u0131\u011f\u0131nda art\u0131k dikkat edilmesi gereken bir\u00e7ok \u015feyi \u00f6\u011frendim. \u00d6zeti ise zorluk olmamas\u0131 m\u00fcmk\u00fcn de\u011fildir. \u00d6nemli olan sizin aya\u011fa kalkabilme g\u00fcc\u00fcn\u00fczd\u00fcr.<\/p>\n<ul style=\"text-align: justify;\">\n<li><strong>Kitaplar\u0131n sinemaya aktar\u0131lma a\u015famas\u0131nda okuyucular\u0131n s\u0131kl\u0131kla hayal k\u0131r\u0131kl\u0131\u011f\u0131na u\u011framas\u0131 vakidir. Bunu neye ba\u011fl\u0131yorsunuz; hen\u00fcz yaz\u0131lanlar\u0131 beyaz perdeye aktaracak teknoloji geli\u015fmedi mi yoksa y\u00f6netmenler yaz\u0131lanlar\u0131 aktarmaktan aciz mi?<\/strong><\/li>\n<\/ul>\n<p style=\"text-indent: 0.4cm; text-align: justify;\">Bence kitaplar\u0131n sinemaya uyarlanmas\u0131ndaki ba\u015far\u0131s\u0131zl\u0131k, uyumsuzluk, yetersizlik hi\u00e7bir \u015fekilde yok edilemeyecek bir sorundur. Problemin sinema teknolojisiyle de y\u00f6netmenlerle de alakas\u0131 yoktur. Edebiyat ba\u015fka bir sanatt\u0131r, Sinema ise bamba\u015fka bir sanat. Sinemada \u00f6n\u00fcn\u00fczde senaryo, m\u00fczik, oyuncu se\u00e7imi, oyunculuk ve bilgisayar deste\u011fi vard\u0131r. Zaman a\u00e7\u0131s\u0131ndan limitlisinizdir. Yap\u0131mc\u0131 ya da y\u00f6netmen olarak renklendirmek istedi\u011finiz her \u015fey an\u0131nda maddi manevi olarak cezaland\u0131r\u0131l\u0131r. Ancak edebiyatta bir kalem bir k\u00e2\u011f\u0131t vard\u0131r. Zaman olarak s\u0131n\u0131rland\u0131r\u0131lmam\u0131\u015fs\u0131n\u0131zd\u0131r. \u0130htiyac\u0131n\u0131z olan \u015feyler sa\u011flam bir kurgu, ilgi \u00e7ekici bir anlat\u0131m yetene\u011fi, \u00f6zenli bir \u00e7al\u0131\u015fmad\u0131r. Meyvelerinizi sundu\u011funuz kitleye ise sinemada her \u015feyi vermi\u015fsinizdir. G\u00f6recek, hissedecek, dinleyecektir. M\u00fczi\u011fi, oyuncular\u0131, sahneleri siz se\u00e7mi\u015fsinizdir. Edebiyatta ise \u00f6yle de\u011fildir. Okuyucu kitab\u0131 eline ald\u0131\u011f\u0131nda diledi\u011fi m\u00fczi\u011fi a\u00e7ar, sahneleri kendi beyninde yarat\u0131r, oyuncular\u0131 zevkine g\u00f6re se\u00e7er. Sinemadaki karakter g\u00fcl\u00fcmsedi\u011finde bunu oyuncunun tarz\u0131na g\u00f6re g\u00f6r\u00fcrs\u00fcn\u00fcz. Edebiyatta g\u00fcl\u00fcmseyen karakter ise her okur i\u00e7in bamba\u015fka tebess\u00fcm eder. Anlat\u0131lanlar\u0131 okurun d\u00fc\u015f\u00fcncelerine, k\u00fclt\u00fcr\u00fcne, be\u011fenilerine g\u00f6re yorum yapma \u015fans\u0131 verirsiniz. Sinemada bunu sa\u011flayamazs\u0131n\u0131z.<\/p>\n<p style=\"text-indent: 0.4cm; text-align: justify;\">\u0130\u015fte bu sebeple bu iki ayr\u0131 sanat ortak bir roman \u00fczerinden hareket edilip, kar\u015f\u0131la\u015ft\u0131r\u0131ld\u0131\u011f\u0131nda; edebiyat, duruma fazlas\u0131yla avantajl\u0131 \u015fekilde ba\u015flar.<\/p>\n<ul style=\"text-align: justify;\">\n<li style=\"text-align: justify;\"><strong>&#8220;Ankara&#8217;da So\u011fuk Gece&#8221; sinemaya aktar\u0131lacak olsa kimlerin oynamas\u0131n\u0131 ve filmi kimin \u00e7ekmesini istersiniz?<\/strong><\/li>\n<\/ul>\n<p style=\"text-indent: 0.4cm; text-align: justify;\">\u015eu ana dek iki k\u0131sa film teklifi geldi. Ancak benim planlar\u0131m aras\u0131nda k\u0131sa filmler yok. Bu y\u00f6nde proje hakk\u0131nda \u00fczerinde birka\u00e7 ki\u015fi ile g\u00f6r\u00fc\u015fmekteyim. Oyuncu se\u00e7imi hakk\u0131nda d\u00fc\u015f\u00fcncelerimi belli isimler belirtmeden devam etmek istiyorum. Yine de \u015funu s\u00f6yleyebilirim ki film projesindeki en b\u00fcy\u00fck ve ilk iste\u011fim oyuncular\u0131 \u015fahsen se\u00e7mek oldu\u011fudur.<\/p>\n<ul style=\"text-align: justify;\">\n<li><strong>\u015eimdiye dek okudu\u011funuz en iyi fantastik kurgu roman\u0131 neydi? Neden?<\/strong><\/li>\n<\/ul>\n<p style=\"text-indent: 0.4cm; text-align: justify;\">Edebiyat\u0131n g\u00fcc\u00fc olarak \u015f\u00fcphesiz \u201cJ.R.R. Tolkien &#8211; Y\u00fcz\u00fcklerin Efendisi\u201d cevab\u0131n\u0131 verece\u011fim. Karakterlerin ve konu\u015fmalar\u0131n g\u00f6rkemi \u00f6ne \u00e7\u0131karsa \u201cDavid Eddings Elenium \u2013 Tamuli \u00dc\u00e7lemeleri\u201d ni s\u00f6ylerim. Bir kitapta sizi yaln\u0131zl\u0131k, ini\u015fler-\u00e7\u0131k\u0131\u015flar, cesaretin bedeli konular\u0131nda s\u0131nay\u0131p duygular\u0131n\u0131z\u0131, d\u00fc\u015f\u00fcncelerinizi zorlayan bir fantastik roman\u0131 de\u011ferlendireceksek ise \u201cR.A.Salvatore\u2019nin Anayurt-G\u00f6\u00e7-S\u00fcrg\u00fcn\u201d \u00fc ilk s\u0131raya koyar\u0131m.<\/p>\n<p style=\"text-indent: 0.4cm; text-align: justify;\">San\u0131r\u0131m se\u00e7im yapmam\u0131 istemeniz haks\u0131zl\u0131k olacakt\u0131r.<\/p>\n<ul style=\"text-align: justify;\">\n<li><strong>Hayat\u0131nda hi\u00e7 fantastik kurgu okumam\u0131\u015f fakat heves eden insanlara be\u015f kitapl\u0131k bir tavsiye listesi olu\u015ftursan\u0131z hangi kitaplar\u0131 koyars\u0131n\u0131z bu listeye?<\/strong><\/li>\n<\/ul>\n<figure style=\"width: 162px\" class=\"wp-caption alignleft\"><figcaption class=\"wp-caption-text\">Korkut Aldemir<\/figcaption><\/figure>\n<p style=\"text-indent: 0.4cm; text-align: justify;\">Bir liste s\u00f6ylemeden \u00f6nce Ankara\u2019da So\u011fuk Gece roman\u0131 ile bu t\u00fcr\u00fc okumaya ba\u015flam\u0131\u015f pek \u00e7ok okurum oldu\u011funu sevinerek belirtmek isterim. Hi\u00e7 okumam\u0131\u015f bir arkada\u015f\u0131ma ise Anadolu Korku Hik\u00e2yeleri, Ankara\u2019da So\u011fuk Gece gibi ger\u00e7ek hayatlar\u0131na, k\u00fclt\u00fcrlerine, \u00e7ocukluktan gelen kulaklar\u0131na f\u0131s\u0131ldanm\u0131\u015flara olabildi\u011fince yak\u0131n bir kitap ile ba\u015flamas\u0131n\u0131 tavsiye ederim.<\/p>\n<p style=\"text-indent: 0.4cm; text-align: justify;\">Devam\u0131nda ise David Eddings Elenium \u00fc\u00e7lemesi, takip eden Tamuli \u00fc\u00e7lemesi yine Fantastik edebiyata yeni ba\u015flayanlar i\u00e7in lezzetli gelecektir.<\/p>\n<p style=\"text-indent: 0.4cm; text-align: justify;\">Y\u00fcz\u00fcklerin Efendisi ve Unutulmu\u015f Diyarlar\u2019\u0131 takiben art\u0131k Ursula Le Guin Yerdeniz \u00dc\u00e7lemesi, Rocannon\u2019un D\u00fcnyas\u0131 zaman\u0131 gelmi\u015f demektir. Bunlar\u0131n aras\u0131na ise Sad\u0131k Yemni, Sezgin Y\u0131lmaz gibi T\u00fcrk yazarlar\u0131 eklemek yerinde olacakt\u0131r.<\/p>\n<ul style=\"text-align: justify;\">\n<li><strong>T\u00fcrkiye&#8217;de fantastik kurgunun geli\u015fmesi i\u00e7in yap\u0131lmas\u0131 gereken \u015feyler sizce nedir?<\/strong><\/li>\n<\/ul>\n<p style=\"text-indent: 0.4cm; text-align: justify;\">K\u00fclt\u00fcrel etkiler, halk\u0131n ve okurlar\u0131n mizac\u0131n\u0131n olumlu-olumsuz etkileri alt\u0131nda olsa da evrimle\u015fme s\u00fcreci kendili\u011finden tamamlanacakt\u0131r. Zaten okur kitlesinin olduk\u00e7a az, k\u0131s\u0131tl\u0131 oldu\u011fu \u00fclkemizde bir de fantastik kurgunun geli\u015fiminde acele etmek pek do\u011fru de\u011fil. Neticede fantastik rol yapma oyununu oynayanlara gaddarca ve tuhaf \u015fekilde bak\u0131lan zamanlar \u00e7ok k\u0131sa bir s\u00fcre \u00f6nceydi.<\/p>\n<p style=\"text-indent: 0.4cm; text-align: justify;\">Nihayetinde bence internet payla\u015f\u0131m siteleri \u00e7ok daha \u00f6zenli hale getirilmeli. Fantastik kurguya y\u00f6nelik televizyon \u00e7al\u0131\u015fmalar\u0131, programlar\u0131 haz\u0131rlanmal\u0131. Kitlelerin dikkatini \u00e7ekip, konudan zevk almalar\u0131 ama\u00e7lanmal\u0131. Fantastik kurgudan zevk alanlar \u00e7ok da fazla kapan\u0131p bencil davranmamal\u0131. Her zaman payla\u015f\u0131ma a\u00e7\u0131k olmal\u0131lar.<\/p>\n<p style=\"text-indent: 0.4cm; text-align: justify;\"><span style=\"color: #800000;\"><strong>Ben, vakit ay\u0131rd\u0131\u011f\u0131n\u0131z i\u00e7in sonsuz te\u015fekk\u00fcrlerimi size sunuyorum. Ve diliyorum ki, &#8220;elfsiz&#8221; veya elfli romanlar\u0131n\u0131zdan bizi mahrum etmezsiniz, iyi g\u00fcnler&#8230;<\/strong><\/span><\/p>\n<p style=\"text-indent: 0.4cm; text-align: justify;\">Ben bu g\u00fczel sorular\u0131n\u0131z i\u00e7in te\u015fekk\u00fcr ederim.<\/p>\n","protected":false},"excerpt":{"rendered":"<p>Merhaba! Korkut Aldemir&#8230; Bir tablo olarak farz edersek, tablodaki renkler &#8220;uzman di\u015f doktoru&#8221; ve &#8220;Ankara&#8217;da So\u011fuk Gece&#8217;nin yazar\u0131&#8221; oluyor. Peki tablo tam olarak nas\u0131l? [stextbox id=&#8221;info&#8221; float=&#8221;true&#8221; align=&#8221;right&#8221;]R\u00d6PORTAJ Alper Kaya [Ar\u015fivi] Tabloyu tamamlamak i\u00e7in san\u0131r\u0131m \u015fu veriler yeterli olacakt\u0131r. 1978, Eski\u015fehir do\u011fumluyum. Evliyim ve bir k\u0131z babas\u0131y\u0131m. Di\u015f Hekimli\u011fi e\u011fitimimden sonra A\u011f\u0131z, Di\u015f, \u00c7ene Hastal\u0131klar\u0131 [&hellip;]<\/p>\n","protected":false},"author":1,"featured_media":0,"parent":1029,"menu_order":0,"comment_status":"open","ping_status":"closed","template":"","meta":{"_acf_changed":false,"footnotes":""},"class_list":["post-9035","page","type-page","status-publish"],"acf":[],"_links":{"self":[{"href":"https:\/\/www.kayiprihtim.org\/portal\/wp-json\/wp\/v2\/pages\/9035","targetHints":{"allow":["GET"]}}],"collection":[{"href":"https:\/\/www.kayiprihtim.org\/portal\/wp-json\/wp\/v2\/pages"}],"about":[{"href":"https:\/\/www.kayiprihtim.org\/portal\/wp-json\/wp\/v2\/types\/page"}],"author":[{"embeddable":true,"href":"https:\/\/www.kayiprihtim.org\/portal\/wp-json\/wp\/v2\/users\/1"}],"replies":[{"embeddable":true,"href":"https:\/\/www.kayiprihtim.org\/portal\/wp-json\/wp\/v2\/comments?post=9035"}],"version-history":[{"count":4,"href":"https:\/\/www.kayiprihtim.org\/portal\/wp-json\/wp\/v2\/pages\/9035\/revisions"}],"predecessor-version":[{"id":59765,"href":"https:\/\/www.kayiprihtim.org\/portal\/wp-json\/wp\/v2\/pages\/9035\/revisions\/59765"}],"up":[{"embeddable":true,"href":"https:\/\/www.kayiprihtim.org\/portal\/wp-json\/wp\/v2\/pages\/1029"}],"wp:attachment":[{"href":"https:\/\/www.kayiprihtim.org\/portal\/wp-json\/wp\/v2\/media?parent=9035"}],"curies":[{"name":"wp","href":"https:\/\/api.w.org\/{rel}","templated":true}]}}